{"id":46,"date":"2014-01-03T11:05:17","date_gmt":"2014-01-03T10:05:17","guid":{"rendered":"http:\/\/www.prokatavtomobileypraga.cz\/?page_id=46"},"modified":"2014-01-20T23:20:17","modified_gmt":"2014-01-20T22:20:17","slug":"kontakt","status":"publish","type":"page","link":"https:\/\/www.prokatavtomobileypraga.cz\/cs\/kontakt\/","title":{"rendered":"Kontakt"},"content":{"rendered":"<p>Kontakt &#8211; Autop\u016fj\u010dovna, p\u016fj\u010dovna aut, rent a car prague, hire a car prague<br \/>\nAdresa: \t<\/p>\n<p>ASAP Rent car, s.r.o.<br \/>\nProvozovna: Modletice 75, 25101 \u0158\u00ed\u010dany<br \/>\nS\u00eddlo: V bytovk\u00e1ch 758, Praha 10, 104 00<br \/>\nVedena M\u011bstsk\u00fdm soudem v Praze, odd\u00edl C, vlo\u017eka 89650<br \/>\nZ\u00e1kladn\u00ed kapit\u00e1l: 200 000,- K\u010d<\/p>\n<p>Leti\u0161t\u011b V\u00e1clava Havla \/ Ruzyn\u011b (PRG)- na rozd\u00edl od jin\u00fdch autop\u016fj\u010doven p\u0159istavujeme vozy i v \u010dasech, kdy v\u0161echny pobo\u010dky jsou ji\u017e zav\u0159eny. D\u00edky tomu, \u017ee neplat\u00edme p\u0159edra\u017een\u00fd n\u00e1jem, m\u016f\u017eeme garantovat ni\u017e\u0161\u00ed ceny pron\u00e1jmu. Sta\u010d\u00ed si v rezerva\u010dn\u00edm formul\u00e1\u0159i vybrat m\u00edsto p\u0159istaven\u00ed \\&#8220;leti\u0161t\u011b Ruzyn\u011b\\&#8220;.<\/p>\n<p>Praha a okol\u00ed \u0158\u00ed\u010dan &#8211; p\u0159istavujeme vozy zcela zdarma!<br \/>\nI\u010cO: \t26723301<br \/>\nDI\u010c: \tCZ 26723301<br \/>\nOtev\u00edrac\u00ed doba: \tPraha:<br \/>\nPo \u2013 Ne: 8.00 \u2013 21.00 &#8211; odvoz nebo vyzvednut\u00ed vozu po dohod\u011b i mimo pracovn\u00ed dobu. Od 18.00 do 8.00  je \u00fa\u010dtov\u00e1n p\u0159\u00edplatek za mimipracovn\u00ed dobu. O v\u00edkendu si v\u00fdp\u016fj\u010dku dojednejte rad\u011bji po telefonu.<\/p>\n<p>leti\u0161t\u011b V\u00e1clava Havla \/ Ruzyn\u011b (PRG):<br \/>\nPo \u2013 Ne: 8.00 \u2013 21.00 &#8211; odvoz nebo vyzvednut\u00ed vozu po dohod\u011b i mimo pracovn\u00ed dobu. Od 21.00 do 8.00  je \u00fa\u010dtov\u00e1n p\u0159\u00edplatek za mimipracovn\u00ed dobu. O v\u00edkendu si v\u00fdp\u016fj\u010dku dojednejte rad\u011bji po telefonu.<\/p>\n<p>Telefon: \t<\/p>\n<p>+420 602 307 836 (\u010desky, english)<br \/>\n+420 602 307 835 (\u010desky, english)<br \/>\n+420 602 307 839 (\u010desky, english)<\/p>\n<p>+420 323 605 521 (\u010desky, english)<br \/>\nV p\u0159\u00edpad\u011b nouze: \t+420 602 307 836 nebo +420 602 307 835 (v p\u0159\u00edpad\u011b nehody nebo jin\u00e9ho z\u00e1va\u017en\u00e9ho probl\u00e9mu)<br \/>\nFax: \t+420 323 605 521<br \/>\nEmail: \tasap@asap-rentcar.cz<br \/>\nWWW: \t<\/p>\n<p>www.asap-rentcar.cz<br \/>\nwww.autopujcovna-praha.cz<br \/>\nwww.autopujcovnapraha.cz<br \/>\nwww.carrentalprague.cz<br \/>\nICQ: \t359-690-431<br \/>\nSkype: \tasap_rentcar<\/p>\n<p>Jak se k n\u00e1m dostanete<br \/>\nAutem:<\/p>\n<p>Po d\u00e1lnici D1 z Prahy sjezd na \u201e\u0158\u00ed\u010dany\u201c \u2013 na kruhov\u00e9m objezdu vpravo na \u201eJesenice\u201c, asi po 150 metrech vlevo na \u201ePopovi\u010dky\u201c, d\u00e1le po hlavn\u00ed silnici asi 1,5 km a\u017e na k\u0159i\u017eovatku \u201ev\u201c vpravo na \u201eModletice\u201c a asi po 100 metrech p\u0159ed pravoto\u010divou zat\u00e1\u010dkou odbo\u010dit vlevo do are\u00e1lu.<\/p>\n<p>Od \\&#8220;Jesenice\\&#8220; &#8211; odbo\u010dit sm\u011brem na \u0158\u00ed\u010dany &#8211; asi 5 km st\u00e1le rovn\u011b a\u017e po sjezd vpravo na \\&#8220;Modletice\\&#8220;, d\u00e1le 600 metr\u016f rovn\u011b a\u017e po k\u0159i\u017eovatku typu \\&#8220;T\\&#8220;, na kter\u00e9 se d\u00e1te vlevo na Chomutovice a po 200 m vjet do are\u00e1lu \\&#8220;Autop\u016fj\u010dovna, Autod\u00edly Modletice\\&#8220;.<br \/>\nAutobusem:<\/p>\n<p>Ze zast\u00e1vky u metra \u201eOpatov\u201c pojedete autobusem \u010d. 363 a\u017e do zast\u00e1vky \u201eModletice rozcest\u00ed\u201c (are\u00e1l p\u0159\u00edmo naproti zast\u00e1vce).<\/p>\n<p>Nebo ze zast\u00e1vky u metra \u201eOpatov\u201c pojedete autobusem \u010d. 328 a na zast\u00e1vce \u010cestlice (Hypernova) p\u0159estoup\u00edte na autobus \u010d. 363 a pojedete a\u017e do zast\u00e1vky \u201eModletice rozcest\u00ed\u201c (are\u00e1l p\u0159\u00edmo naproti zast\u00e1vce).<\/p>\n<p>Pop\u0159. m\u016f\u017eete jet autobusem \u010d. 328 a\u017e do \u201eModletice &#8211; V h\u016frce\u201c a tady p\u0159estoupit na autobus \u010d. 428 a vystoupit \u201eModletice rozcest\u00ed\u201c. <\/p>\n","protected":false},"excerpt":{"rendered":"<p>Kontakt &#8211; Autop\u016fj\u010dovna, p\u016fj\u010dovna aut, rent a car prague, hire a car prague Adresa: ASAP Rent car, s.r.o. Provozovna: Modletice 75, 25101 \u0158\u00ed\u010dany S\u00eddlo: V bytovk\u00e1ch 758, Praha 10, 104 00 Vedena M\u011bstsk\u00fdm soudem v Praze, odd\u00edl C, vlo\u017eka 89650 Z\u00e1kladn\u00ed kapit\u00e1l: 200 000,- K\u010d Leti\u0161t\u011b V\u00e1clava Havla \/ Ruzyn\u011b (PRG)- na rozd\u00edl od jin\u00fdch [&hellip;]<\/p>\n","protected":false},"author":1,"featured_media":0,"parent":0,"menu_order":0,"comment_status":"closed","ping_status":"closed","template":"template_contacts.php","meta":{"_et_pb_use_builder":"","_et_pb_old_content":"","_et_gb_content_width":"","footnotes":""},"class_list":["post-46","page","type-page","status-publish","hentry"],"aioseo_notices":[],"_links":{"self":[{"href":"https:\/\/www.prokatavtomobileypraga.cz\/cs\/wp-json\/wp\/v2\/pages\/46","targetHints":{"allow":["GET"]}}],"collection":[{"href":"https:\/\/www.prokatavtomobileypraga.cz\/cs\/wp-json\/wp\/v2\/pages"}],"about":[{"href":"https:\/\/www.prokatavtomobileypraga.cz\/cs\/wp-json\/wp\/v2\/types\/page"}],"author":[{"embeddable":true,"href":"https:\/\/www.prokatavtomobileypraga.cz\/cs\/wp-json\/wp\/v2\/users\/1"}],"replies":[{"embeddable":true,"href":"https:\/\/www.prokatavtomobileypraga.cz\/cs\/wp-json\/wp\/v2\/comments?post=46"}],"version-history":[{"count":3,"href":"https:\/\/www.prokatavtomobileypraga.cz\/cs\/wp-json\/wp\/v2\/pages\/46\/revisions"}],"predecessor-version":[{"id":186,"href":"https:\/\/www.prokatavtomobileypraga.cz\/cs\/wp-json\/wp\/v2\/pages\/46\/revisions\/186"}],"wp:attachment":[{"href":"https:\/\/www.prokatavtomobileypraga.cz\/cs\/wp-json\/wp\/v2\/media?parent=46"}],"curies":[{"name":"wp","href":"https:\/\/api.w.org\/{rel}","templated":true}]}}